{"id":239,"date":"2024-11-28T16:30:53","date_gmt":"2024-11-28T16:30:53","guid":{"rendered":"https:\/\/enfuncionteatro.com\/index.php\/about\/"},"modified":"2025-10-19T10:57:03","modified_gmt":"2025-10-19T10:57:03","slug":"en-funcion","status":"publish","type":"page","link":"https:\/\/enfuncionteatro.com\/ca\/en-funcion\/","title":{"rendered":"En Funci\u00f3n"},"content":{"rendered":"<div data-elementor-type=\"wp-page\" data-elementor-id=\"239\" class=\"elementor elementor-239\" data-elementor-post-type=\"page\">\n\t\t\t\t<div class=\"elementor-element elementor-element-8fd5308 e-flex e-con-boxed e-con e-parent\" data-id=\"8fd5308\" data-element_type=\"container\" data-settings=\"{&quot;background_background&quot;:&quot;classic&quot;}\">\n\t\t\t\t\t<div class=\"e-con-inner\">\n\t\t<div class=\"elementor-element elementor-element-17ced38 e-con-full e-flex e-con e-child\" data-id=\"17ced38\" data-element_type=\"container\">\n\t\t\t\t<\/div>\n\t\t\t\t\t<\/div>\n\t\t\t\t<\/div>\n\t\t<div class=\"elementor-element elementor-element-cdeedbc e-flex e-con-boxed e-con e-parent\" data-id=\"cdeedbc\" data-element_type=\"container\" data-settings=\"{&quot;background_background&quot;:&quot;classic&quot;}\">\n\t\t\t\t\t<div class=\"e-con-inner\">\n\t\t<div class=\"elementor-element elementor-element-3a6b6c4 e-con-full e-flex e-con e-child\" data-id=\"3a6b6c4\" data-element_type=\"container\">\n\t\t\t\t<div class=\"elementor-element elementor-element-a826ecb elementor-widget elementor-widget-heading\" data-id=\"a826ecb\" data-element_type=\"widget\" data-widget_type=\"heading.default\">\n\t\t\t\t<div class=\"elementor-widget-container\">\n\t\t\t\t\t<h6 class=\"elementor-heading-title elementor-size-default\">LA COMPANYIA<\/h6>\t\t\t\t<\/div>\n\t\t\t\t<\/div>\n\t\t\t\t<div class=\"elementor-element elementor-element-e5fbb4e elementor-widget elementor-widget-heading\" data-id=\"e5fbb4e\" data-element_type=\"widget\" data-widget_type=\"heading.default\">\n\t\t\t\t<div class=\"elementor-widget-container\">\n\t\t\t\t\t<h1 class=\"elementor-heading-title elementor-size-default\">En funci\u00f3n<\/h1>\t\t\t\t<\/div>\n\t\t\t\t<\/div>\n\t\t\t\t<\/div>\n\t\t\t\t\t<\/div>\n\t\t\t\t<\/div>\n\t\t<div class=\"elementor-element elementor-element-b83d38b e-flex e-con-boxed e-con e-parent\" data-id=\"b83d38b\" data-element_type=\"container\" data-settings=\"{&quot;background_background&quot;:&quot;classic&quot;}\">\n\t\t\t\t\t<div class=\"e-con-inner\">\n\t\t<div class=\"elementor-element elementor-element-a80f695 e-con-full e-flex e-con e-child\" data-id=\"a80f695\" data-element_type=\"container\">\n\t\t<div class=\"elementor-element elementor-element-5af9fc9 e-flex e-con-boxed e-con e-child\" data-id=\"5af9fc9\" data-element_type=\"container\">\n\t\t\t\t\t<div class=\"e-con-inner\">\n\t\t<div class=\"elementor-element elementor-element-de552a5 e-con-full e-flex e-con e-child\" data-id=\"de552a5\" data-element_type=\"container\">\n\t\t\t\t<div class=\"elementor-element elementor-element-d0b31a0 elementor-widget elementor-widget-heading\" data-id=\"d0b31a0\" data-element_type=\"widget\" data-widget_type=\"heading.default\">\n\t\t\t\t<div class=\"elementor-widget-container\">\n\t\t\t\t\t<h2 class=\"elementor-heading-title elementor-size-default\">Fem teatre per a trobar-nos<\/h2>\t\t\t\t<\/div>\n\t\t\t\t<\/div>\n\t\t\t\t<div class=\"elementor-element elementor-element-13ab119 elementor-widget-divider--view-line elementor-widget elementor-widget-divider\" data-id=\"13ab119\" data-element_type=\"widget\" data-widget_type=\"divider.default\">\n\t\t\t\t<div class=\"elementor-widget-container\">\n\t\t\t\t\t\t\t<div class=\"elementor-divider\">\n\t\t\t<span class=\"elementor-divider-separator\">\n\t\t\t\t\t\t<\/span>\n\t\t<\/div>\n\t\t\t\t\t\t<\/div>\n\t\t\t\t<\/div>\n\t\t<div class=\"elementor-element elementor-element-9f7817d e-flex e-con-boxed e-con e-child\" data-id=\"9f7817d\" data-element_type=\"container\">\n\t\t\t\t\t<div class=\"e-con-inner\">\n\t\t\t\t<div class=\"elementor-element elementor-element-12a3835 elementor-widget elementor-widget-image\" data-id=\"12a3835\" data-element_type=\"widget\" data-widget_type=\"image.default\">\n\t\t\t\t<div class=\"elementor-widget-container\">\n\t\t\t\t\t\t\t\t\t\t\t\t\t\t\t<img alt=\"\" fetchpriority=\"high\" decoding=\"async\" width=\"300\" height=\"181\" src=\"https:\/\/enfuncionteatro.com\/wp-content\/uploads\/2024\/11\/logo-en-funcion-teatro-300x181.jpg\" class=\"attachment-medium size-medium wp-image-1188\" srcset=\"https:\/\/enfuncionteatro.com\/wp-content\/uploads\/2024\/11\/logo-en-funcion-teatro-300x181.jpg 300w, https:\/\/enfuncionteatro.com\/wp-content\/uploads\/2024\/11\/logo-en-funcion-teatro.jpg 365w\" sizes=\"(max-width: 300px) 100vw, 300px\" \/>\t\t\t\t\t\t\t\t\t\t\t\t\t\t\t<\/div>\n\t\t\t\t<\/div>\n\t\t\t\t\t<\/div>\n\t\t\t\t<\/div>\n\t\t\t\t<\/div>\n\t\t<div class=\"elementor-element elementor-element-591cddf e-con-full e-flex e-con e-child\" data-id=\"591cddf\" data-element_type=\"container\">\n\t\t\t\t<div class=\"elementor-element elementor-element-0202b07 elementor-widget elementor-widget-text-editor\" data-id=\"0202b07\" data-element_type=\"widget\" data-widget_type=\"text-editor.default\">\n\t\t\t\t<div class=\"elementor-widget-container\">\n\t\t\t\t\t\t\t\t\t<p>Som una companyia de teatre emergent i independent amb seu a Barcelona, formada per artistes d\u2019Espanya i Llatinoam\u00e8rica, amb arrels a Catalunya, Mallorca, Col\u00f2mbia i l\u2019Argentina. Les nostres obres creen territoris sense marques ni contextos, on qualsevol persona pugui recon\u00e8ixer-s\u2019hi m\u00e9s enll\u00e0 del seu origen. Neixem des de la convicci\u00f3 que el teatre \u00e9s, abans que res, un espai de trobada, i el portem a escena des de la nostra diversitat est\u00e8tica, cultural i vital.<\/p><p>En les nostres creacions abordem tem\u00e0tiques socials i atmosferes \u00edntimes des d\u2019un enfocament poc convencional, prioritzant l\u2019humor, la ironia i la tendresa com a eines per explorar all\u00f2 que \u00e9s universal i hum\u00e0. La nostra recerca esc\u00e8nica parteix de la pregunta i no de la den\u00fancia, apostant per noves formes de narrar i connectar. Barregem llenguatges i explorem en la forma i les possibilitats de l\u2019escena, la hist\u00f2ria i els recursos per donar vida a les hist\u00f2ries que volem explicar.<\/p><p data-start=\"1291\" data-end=\"1696\">El maig del 2025 estrenem la nostra primera producci\u00f3, El temps que ens queda, guanyadora de la resid\u00e8ncia de creaci\u00f3 de la Sala Perif\u00e8ria Cimarronas (2024), i actualment ens trobem en el proc\u00e9s d\u2019escriptura de la nostra segona obra, Com si f\u00f3ssim ocells, prevista per estrenar-se el 2026.<strong>s\u2019<\/strong>, prevista para estrenarse en 2026.\u00a0<\/p>\t\t\t\t\t\t\t\t<\/div>\n\t\t\t\t<\/div>\n\t\t\t\t<div class=\"elementor-element elementor-element-c8dd13a elementor-widget-divider--view-line elementor-widget elementor-widget-divider\" data-id=\"c8dd13a\" data-element_type=\"widget\" data-widget_type=\"divider.default\">\n\t\t\t\t<div class=\"elementor-widget-container\">\n\t\t\t\t\t\t\t<div class=\"elementor-divider\">\n\t\t\t<span class=\"elementor-divider-separator\">\n\t\t\t\t\t\t<\/span>\n\t\t<\/div>\n\t\t\t\t\t\t<\/div>\n\t\t\t\t<\/div>\n\t\t\t\t<\/div>\n\t\t\t\t\t<\/div>\n\t\t\t\t<\/div>\n\t\t\t\t<\/div>\n\t\t\t\t\t<\/div>\n\t\t\t\t<\/div>\n\t\t<div class=\"elementor-element elementor-element-473e83f e-flex e-con-boxed e-con e-parent\" data-id=\"473e83f\" data-element_type=\"container\" data-settings=\"{&quot;background_background&quot;:&quot;gradient&quot;}\">\n\t\t\t\t\t<div class=\"e-con-inner\">\n\t\t<div class=\"elementor-element elementor-element-9450072 e-con-full e-flex e-con e-child\" data-id=\"9450072\" data-element_type=\"container\">\n\t\t\t\t<div class=\"elementor-element elementor-element-c8ee501 elementor-widget elementor-widget-image\" data-id=\"c8ee501\" data-element_type=\"widget\" data-widget_type=\"image.default\">\n\t\t\t\t<div class=\"elementor-widget-container\">\n\t\t\t\t\t\t\t\t\t\t\t\t\t\t\t<img alt=\"\" decoding=\"async\" width=\"1024\" height=\"840\" src=\"https:\/\/enfuncionteatro.com\/wp-content\/uploads\/2025\/07\/en-funcion-teatro-3-1024x840.jpg\" class=\"attachment-large size-large wp-image-2198\" srcset=\"https:\/\/enfuncionteatro.com\/wp-content\/uploads\/2025\/07\/en-funcion-teatro-3-1024x840.jpg 1024w, https:\/\/enfuncionteatro.com\/wp-content\/uploads\/2025\/07\/en-funcion-teatro-3-300x246.jpg 300w, https:\/\/enfuncionteatro.com\/wp-content\/uploads\/2025\/07\/en-funcion-teatro-3-768x630.jpg 768w, https:\/\/enfuncionteatro.com\/wp-content\/uploads\/2025\/07\/en-funcion-teatro-3-1536x1260.jpg 1536w, https:\/\/enfuncionteatro.com\/wp-content\/uploads\/2025\/07\/en-funcion-teatro-3-2048x1680.jpg 2048w, https:\/\/enfuncionteatro.com\/wp-content\/uploads\/2025\/07\/en-funcion-teatro-3-15x12.jpg 15w\" sizes=\"(max-width: 1024px) 100vw, 1024px\" \/>\t\t\t\t\t\t\t\t\t\t\t\t\t\t\t<\/div>\n\t\t\t\t<\/div>\n\t\t\t\t<div class=\"elementor-element elementor-element-167e03a elementor-widget elementor-widget-heading\" data-id=\"167e03a\" data-element_type=\"widget\" data-widget_type=\"heading.default\">\n\t\t\t\t<div class=\"elementor-widget-container\">\n\t\t\t\t\t<h4 class=\"elementor-heading-title elementor-size-default\">Trabajamos entre Europa y Latinoam\u00e9rica. Contamos historias sin fronteras<\/h4>\t\t\t\t<\/div>\n\t\t\t\t<\/div>\n\t\t\t\t<\/div>\n\t\t\t\t\t<\/div>\n\t\t\t\t<\/div>\n\t\t<div class=\"elementor-element elementor-element-9f3949c e-flex e-con-boxed e-con e-parent\" data-id=\"9f3949c\" data-element_type=\"container\" data-settings=\"{&quot;background_background&quot;:&quot;classic&quot;}\">\n\t\t\t\t\t<div class=\"e-con-inner\">\n\t\t<div class=\"elementor-element elementor-element-493f1bf e-con-full e-flex e-con e-child\" data-id=\"493f1bf\" data-element_type=\"container\">\n\t\t\t\t<div class=\"elementor-element elementor-element-18ccdda elementor-widget elementor-widget-text-editor\" data-id=\"18ccdda\" data-element_type=\"widget\" data-widget_type=\"text-editor.default\">\n\t\t\t\t<div class=\"elementor-widget-container\">\n\t\t\t\t\t\t\t\t\t<h1>L\u2019equip:<\/h1>\t\t\t\t\t\t\t\t<\/div>\n\t\t\t\t<\/div>\n\t\t\t\t<div class=\"elementor-element elementor-element-4dc3033 elementor-widget-divider--view-line elementor-widget elementor-widget-divider\" data-id=\"4dc3033\" data-element_type=\"widget\" data-widget_type=\"divider.default\">\n\t\t\t\t<div class=\"elementor-widget-container\">\n\t\t\t\t\t\t\t<div class=\"elementor-divider\">\n\t\t\t<span class=\"elementor-divider-separator\">\n\t\t\t\t\t\t<\/span>\n\t\t<\/div>\n\t\t\t\t\t\t<\/div>\n\t\t\t\t<\/div>\n\t\t\t\t<\/div>\n\t\t\t\t\t<\/div>\n\t\t\t\t<\/div>\n\t\t<div class=\"elementor-element elementor-element-938eee3 e-flex e-con-boxed e-con e-parent\" data-id=\"938eee3\" data-element_type=\"container\" data-settings=\"{&quot;background_background&quot;:&quot;classic&quot;}\">\n\t\t\t\t\t<div class=\"e-con-inner\">\n\t\t<div class=\"elementor-element elementor-element-016cb6e e-con-full e-flex e-con e-child\" data-id=\"016cb6e\" data-element_type=\"container\">\n\t\t\t\t<\/div>\n\t\t\t\t\t<\/div>\n\t\t\t\t<\/div>\n\t\t<div class=\"elementor-element elementor-element-0345892 e-flex e-con-boxed e-con e-parent\" data-id=\"0345892\" data-element_type=\"container\" data-settings=\"{&quot;background_background&quot;:&quot;classic&quot;}\">\n\t\t\t\t\t<div class=\"e-con-inner\">\n\t\t<div class=\"elementor-element elementor-element-186f2f5 e-con-full e-flex e-con e-child\" data-id=\"186f2f5\" data-element_type=\"container\">\n\t\t\t\t<div class=\"elementor-element elementor-element-602467b elementor-flip-box--effect-fade elementor-widget elementor-widget-flip-box\" data-id=\"602467b\" data-element_type=\"widget\" data-widget_type=\"flip-box.default\">\n\t\t\t\t<div class=\"elementor-widget-container\">\n\t\t\t\t\t\t\t<div class=\"elementor-flip-box\" tabindex=\"0\">\n\t\t\t<div class=\"elementor-flip-box__layer elementor-flip-box__front\">\n\t\t\t\t<div class=\"elementor-flip-box__layer__overlay\">\n\t\t\t\t\t<div class=\"elementor-flip-box__layer__inner\">\n\t\t\t\t\t\t\n\t\t\t\t\t\t\n\t\t\t\t\t\t\t\t\t\t\t<\/div>\n\t\t\t\t<\/div>\n\t\t\t<\/div>\n\t\t\t<div class=\"elementor-flip-box__layer elementor-flip-box__back\">\n\t\t\t<div class=\"elementor-flip-box__layer__overlay\">\n\t\t\t\t<div class=\"elementor-flip-box__layer__inner\">\n\t\t\t\t\t\n\t\t\t\t\t\n\t\t\t\t\t\t\t\t<\/div>\n\t\t<\/div>\n\t\t<\/div>\n\t\t<\/div>\n\t\t\t\t\t\t<\/div>\n\t\t\t\t<\/div>\n\t\t\t\t<\/div>\n\t\t<div class=\"elementor-element elementor-element-67430ac e-con-full e-flex e-con e-child\" data-id=\"67430ac\" data-element_type=\"container\">\n\t\t\t\t<div class=\"elementor-element elementor-element-ddcc0d4 elementor-widget elementor-widget-heading\" data-id=\"ddcc0d4\" data-element_type=\"widget\" data-widget_type=\"heading.default\">\n\t\t\t\t<div class=\"elementor-widget-container\">\n\t\t\t\t\t<h2 class=\"elementor-heading-title elementor-size-default\">Fernando Unzueta<\/h2>\t\t\t\t<\/div>\n\t\t\t\t<\/div>\n\t\t\t\t<div class=\"elementor-element elementor-element-21e5f14 elementor-widget elementor-widget-text-editor\" data-id=\"21e5f14\" data-element_type=\"widget\" data-widget_type=\"text-editor.default\">\n\t\t\t\t<div class=\"elementor-widget-container\">\n\t\t\t\t\t\t\t\t\t<p>Actor<\/p>\t\t\t\t\t\t\t\t<\/div>\n\t\t\t\t<\/div>\n\t\t\t\t<div class=\"elementor-element elementor-element-cc09765 elementor-widget elementor-widget-text-editor\" data-id=\"cc09765\" data-element_type=\"widget\" data-widget_type=\"text-editor.default\">\n\t\t\t\t<div class=\"elementor-widget-container\">\n\t\t\t\t\t\t\t\t\t<p>Va comen\u00e7ar la seva carrera teatral en 2016 com a membre de la companyia mallorquina \u00c9s Seregall, participant en nou produccions sota la direcci\u00f3 de reconeguts professionals com Albert M\u00e8lich i Blanca Ballester. En 2017 es va traslladar a Barcelona, on va combinar el seu doctorat en Biomedicina amb estudis en interpretaci\u00f3 en escoles com E\u00f2lia i La Timbala. Entre 2022 i 2024 va completar el Pla de Formaci\u00f3 Actoral en La Timbala, especialitzant-se en interpretaci\u00f3, dramat\u00fargia i t\u00e8cniques de moviment esc\u00e8nic.<\/p><p>La seva experi\u00e8ncia abasta des de muntatges cl\u00e0ssics com La Casa de los Celos de Cervantes, dirigida per Gast\u00f3n Gilabert, fins a Somni d\u2019una nit d\u2019estiu de Shakespeare, dirigida per S\u00edlvia Navarro. A m\u00e9s, ha explorat l\u2019\u00e0mbit de la performance en projectes com El Jard\u00ed de La Taimada al Mercat de les Flors, consolidant-se com un actor vers\u00e0til i apassionat.<\/p>\t\t\t\t\t\t\t\t<\/div>\n\t\t\t\t<\/div>\n\t\t\t\t<\/div>\n\t\t\t\t\t<\/div>\n\t\t\t\t<\/div>\n\t\t<div class=\"elementor-element elementor-element-8a39a54 e-flex e-con-boxed e-con e-parent\" data-id=\"8a39a54\" data-element_type=\"container\" data-settings=\"{&quot;background_background&quot;:&quot;classic&quot;}\">\n\t\t\t\t\t<div class=\"e-con-inner\">\n\t\t<div class=\"elementor-element elementor-element-298364e e-con-full e-flex e-con e-child\" data-id=\"298364e\" data-element_type=\"container\">\n\t\t\t\t<div class=\"elementor-element elementor-element-de165f4 elementor-widget elementor-widget-heading\" data-id=\"de165f4\" data-element_type=\"widget\" data-widget_type=\"heading.default\">\n\t\t\t\t<div class=\"elementor-widget-container\">\n\t\t\t\t\t<h2 class=\"elementor-heading-title elementor-size-default\">Clara Barniol<\/h2>\t\t\t\t<\/div>\n\t\t\t\t<\/div>\n\t\t\t\t<div class=\"elementor-element elementor-element-e50105d elementor-widget elementor-widget-text-editor\" data-id=\"e50105d\" data-element_type=\"widget\" data-widget_type=\"text-editor.default\">\n\t\t\t\t<div class=\"elementor-widget-container\">\n\t\t\t\t\t\t\t\t\t<p>Actriu<\/p>\t\t\t\t\t\t\t\t<\/div>\n\t\t\t\t<\/div>\n\t\t\t\t<div class=\"elementor-element elementor-element-af1cd56 elementor-widget elementor-widget-text-editor\" data-id=\"af1cd56\" data-element_type=\"widget\" data-widget_type=\"text-editor.default\">\n\t\t\t\t<div class=\"elementor-widget-container\">\n\t\t\t\t\t\t\t\t\t<p>Actriu formada en interpretaci\u00f3, teatre f\u00edsic, cant, moviment i m\u00fasica en prestigioses escoles com La Timbala, Estudi Karloff, Estudi Laura Jou i Moveo. La seva versatilitat art\u00edstica l'ha portat a participar en diverses produccions teatrals, destacant el seu paper en Somni d\u2019una nit d\u2019estiu, dirigida per S\u00edlvia Navarro, on va demostrar el seu talent i passi\u00f3 per les arts esc\u00e8niques.<\/p><p>A m\u00e9s de la seva carrera actoral, Clara \u00e9s periodista i compta amb experi\u00e8ncia com a t\u00e8cnica en projectes vinculats a la just\u00edcia global. El seu comprom\u00eds amb l'art i la societat li permet fusionar la seva sensibilitat art\u00edstica amb una perspectiva humanista, aportant profunditat i autenticitat a cada projecte en el qual participa.<\/p>\t\t\t\t\t\t\t\t<\/div>\n\t\t\t\t<\/div>\n\t\t\t\t<\/div>\n\t\t<div class=\"elementor-element elementor-element-d79bd6a e-con-full e-flex e-con e-child\" data-id=\"d79bd6a\" data-element_type=\"container\">\n\t\t\t\t<div class=\"elementor-element elementor-element-aeb6e81 elementor-flip-box--effect-fade elementor-widget elementor-widget-flip-box\" data-id=\"aeb6e81\" data-element_type=\"widget\" data-widget_type=\"flip-box.default\">\n\t\t\t\t<div class=\"elementor-widget-container\">\n\t\t\t\t\t\t\t<div class=\"elementor-flip-box\" tabindex=\"0\">\n\t\t\t<div class=\"elementor-flip-box__layer elementor-flip-box__front\">\n\t\t\t\t<div class=\"elementor-flip-box__layer__overlay\">\n\t\t\t\t\t<div class=\"elementor-flip-box__layer__inner\">\n\t\t\t\t\t\t\n\t\t\t\t\t\t\n\t\t\t\t\t\t\t\t\t\t\t<\/div>\n\t\t\t\t<\/div>\n\t\t\t<\/div>\n\t\t\t<div class=\"elementor-flip-box__layer elementor-flip-box__back\">\n\t\t\t<div class=\"elementor-flip-box__layer__overlay\">\n\t\t\t\t<div class=\"elementor-flip-box__layer__inner\">\n\t\t\t\t\t\n\t\t\t\t\t\n\t\t\t\t\t\t\t\t<\/div>\n\t\t<\/div>\n\t\t<\/div>\n\t\t<\/div>\n\t\t\t\t\t\t<\/div>\n\t\t\t\t<\/div>\n\t\t\t\t<\/div>\n\t\t\t\t\t<\/div>\n\t\t\t\t<\/div>\n\t\t<div class=\"elementor-element elementor-element-e81010c e-flex e-con-boxed e-con e-parent\" data-id=\"e81010c\" data-element_type=\"container\" data-settings=\"{&quot;background_background&quot;:&quot;classic&quot;}\">\n\t\t\t\t\t<div class=\"e-con-inner\">\n\t\t<div class=\"elementor-element elementor-element-a8cff10 e-con-full e-flex e-con e-child\" data-id=\"a8cff10\" data-element_type=\"container\">\n\t\t\t\t<\/div>\n\t\t\t\t\t<\/div>\n\t\t\t\t<\/div>\n\t\t<div class=\"elementor-element elementor-element-dd22a60 e-flex e-con-boxed e-con e-parent\" data-id=\"dd22a60\" data-element_type=\"container\" data-settings=\"{&quot;background_background&quot;:&quot;classic&quot;}\">\n\t\t\t\t\t<div class=\"e-con-inner\">\n\t\t<div class=\"elementor-element elementor-element-6540f40 e-con-full e-flex e-con e-child\" data-id=\"6540f40\" data-element_type=\"container\">\n\t\t\t\t<div class=\"elementor-element elementor-element-a05c300 elementor-widget-divider--view-line elementor-widget elementor-widget-divider\" data-id=\"a05c300\" data-element_type=\"widget\" data-widget_type=\"divider.default\">\n\t\t\t\t<div class=\"elementor-widget-container\">\n\t\t\t\t\t\t\t<div class=\"elementor-divider\">\n\t\t\t<span class=\"elementor-divider-separator\">\n\t\t\t\t\t\t<\/span>\n\t\t<\/div>\n\t\t\t\t\t\t<\/div>\n\t\t\t\t<\/div>\n\t\t<div class=\"elementor-element elementor-element-12c0e3d e-flex e-con-boxed e-con e-child\" data-id=\"12c0e3d\" data-element_type=\"container\">\n\t\t\t\t\t<div class=\"e-con-inner\">\n\t\t<div class=\"elementor-element elementor-element-3e80eb5 e-con-full e-flex e-con e-child\" data-id=\"3e80eb5\" data-element_type=\"container\">\n\t\t\t\t<div class=\"elementor-element elementor-element-6c50e68 elementor-widget elementor-widget-image\" data-id=\"6c50e68\" data-element_type=\"widget\" data-widget_type=\"image.default\">\n\t\t\t\t<div class=\"elementor-widget-container\">\n\t\t\t\t\t\t\t\t\t\t\t\t\t\t\t<img alt=\"\" decoding=\"async\" width=\"768\" height=\"1024\" src=\"https:\/\/enfuncionteatro.com\/wp-content\/uploads\/2024\/12\/Miguel-Ramon-el-tiempo-que-nos-queda--768x1024.jpg\" class=\"attachment-large size-large wp-image-1800\" srcset=\"https:\/\/enfuncionteatro.com\/wp-content\/uploads\/2024\/12\/Miguel-Ramon-el-tiempo-que-nos-queda--768x1024.jpg 768w, https:\/\/enfuncionteatro.com\/wp-content\/uploads\/2024\/12\/Miguel-Ramon-el-tiempo-que-nos-queda--225x300.jpg 225w, https:\/\/enfuncionteatro.com\/wp-content\/uploads\/2024\/12\/Miguel-Ramon-el-tiempo-que-nos-queda--9x12.jpg 9w, https:\/\/enfuncionteatro.com\/wp-content\/uploads\/2024\/12\/Miguel-Ramon-el-tiempo-que-nos-queda-.jpg 918w\" sizes=\"(max-width: 768px) 100vw, 768px\" \/>\t\t\t\t\t\t\t\t\t\t\t\t\t\t\t<\/div>\n\t\t\t\t<\/div>\n\t\t\t\t<\/div>\n\t\t<div class=\"elementor-element elementor-element-27c41ce e-con-full e-flex e-con e-child\" data-id=\"27c41ce\" data-element_type=\"container\">\n\t\t\t\t<div class=\"elementor-element elementor-element-3121d98 elementor-widget elementor-widget-heading\" data-id=\"3121d98\" data-element_type=\"widget\" data-widget_type=\"heading.default\">\n\t\t\t\t<div class=\"elementor-widget-container\">\n\t\t\t\t\t<h2 class=\"elementor-heading-title elementor-size-default\">Miguel Ram\u00f3n<\/h2>\t\t\t\t<\/div>\n\t\t\t\t<\/div>\n\t\t\t\t<div class=\"elementor-element elementor-element-3ca9ee6 elementor-widget elementor-widget-text-editor\" data-id=\"3ca9ee6\" data-element_type=\"widget\" data-widget_type=\"text-editor.default\">\n\t\t\t\t<div class=\"elementor-widget-container\">\n\t\t\t\t\t\t\t\t\t<p>M\u00fasic\u00a0<\/p>\t\t\t\t\t\t\t\t<\/div>\n\t\t\t\t<\/div>\n\t\t\t\t<div class=\"elementor-element elementor-element-5460363 elementor-widget elementor-widget-text-editor\" data-id=\"5460363\" data-element_type=\"widget\" data-widget_type=\"text-editor.default\">\n\t\t\t\t<div class=\"elementor-widget-container\">\n\t\t\t\t\t\t\t\t\t<p><strong>Guitarrista, productor i m\u00fasic colombi\u00e0<\/strong> amb una destacada traject\u00f2ria en la ind\u00fastria musical internacional. La seva feina ha format part de projectes per a segells de renom com <strong>SONY Music, EMI i Universal. Membre votant de la Latin Academy for the Recording Arts (Latin Grammy),<\/strong>des de l\u2019any 2000 resideix a Barcelona, on combina la seva carrera art\u00edstica amb la doc\u00e8ncia, impartint classes de guitarra i formant noves generacions de m\u00fasics.<\/p><p>Al llarg de la seva carrera, en Miguel ha participat en nombroses gravacions i gires per Europa, col\u00b7laborant amb destacats projectes i artistes. <strong>Actualment, dirigeix Afuerenyo Music, el seu propi segell discogr\u00e0fic, editorial i ag\u00e8ncia de management,<\/strong>des d\u2019on impulsa iniciatives musicals innovadores. La seva versatilitat com a m\u00fasic i productor, juntament amb la seva experi\u00e8ncia a l\u2019escenari, el converteixen en un referent de la m\u00fasica llatina i del jazz contemporani en l\u2019escena internacional.<\/p>\t\t\t\t\t\t\t\t<\/div>\n\t\t\t\t<\/div>\n\t\t\t\t<\/div>\n\t\t\t\t\t<\/div>\n\t\t\t\t<\/div>\n\t\t\t\t<\/div>\n\t\t\t\t\t<\/div>\n\t\t\t\t<\/div>\n\t\t<div class=\"elementor-element elementor-element-8e28f3d e-flex e-con-boxed e-con e-parent\" data-id=\"8e28f3d\" data-element_type=\"container\" data-settings=\"{&quot;background_background&quot;:&quot;classic&quot;}\">\n\t\t\t\t\t<div class=\"e-con-inner\">\n\t\t<div class=\"elementor-element elementor-element-d749748 e-con-full e-flex e-con e-child\" data-id=\"d749748\" data-element_type=\"container\">\n\t\t<div class=\"elementor-element elementor-element-a1de678 e-flex e-con-boxed e-con e-child\" data-id=\"a1de678\" data-element_type=\"container\">\n\t\t\t\t\t<div class=\"e-con-inner\">\n\t\t<div class=\"elementor-element elementor-element-97dd3d0 e-con-full e-flex e-con e-child\" data-id=\"97dd3d0\" data-element_type=\"container\">\n\t\t\t\t<div class=\"elementor-element elementor-element-c17b3dd elementor-widget elementor-widget-heading\" data-id=\"c17b3dd\" data-element_type=\"widget\" data-widget_type=\"heading.default\">\n\t\t\t\t<div class=\"elementor-widget-container\">\n\t\t\t\t\t<h2 class=\"elementor-heading-title elementor-size-default\">Kala Badessich<\/h2>\t\t\t\t<\/div>\n\t\t\t\t<\/div>\n\t\t\t\t<div class=\"elementor-element elementor-element-827efd2 elementor-widget elementor-widget-text-editor\" data-id=\"827efd2\" data-element_type=\"widget\" data-widget_type=\"text-editor.default\">\n\t\t\t\t<div class=\"elementor-widget-container\">\n\t\t\t\t\t\t\t\t\t<p>Artista visual<\/p>\t\t\t\t\t\t\t\t<\/div>\n\t\t\t\t<\/div>\n\t\t\t\t<div class=\"elementor-element elementor-element-edfa375 elementor-widget elementor-widget-text-editor\" data-id=\"edfa375\" data-element_type=\"widget\" data-widget_type=\"text-editor.default\">\n\t\t\t\t<div class=\"elementor-widget-container\">\n\t\t\t\t\t\t\t\t\t<p>Kala \u00e9s unx artista multimedial d'argentina.<\/p><p>En \u2018El temps que ens queda\u2019, Kala s'encarrega de realitzar el control d'il\u00b7luminaci\u00f3 de l'obra.<\/p><p>\u00abLa llum, al llarg de la hist\u00f2ria, ha estat concebuda com la forma tangible de dimensionar el pas del temps. Per aprendre a veure, ens hem d\u2019enfrontar a innumerables i extraordin\u00e0ries dificultats. En aquesta obra, aquesta llum \u00e9s tant escenogr\u00e0fica com la llum de la consci\u00e8ncia. I per poder veure el que passa a l\u2019escenari, primer hem de buscar en les profunditats d\u2019unx mateixx.\u00bb<\/p>\t\t\t\t\t\t\t\t<\/div>\n\t\t\t\t<\/div>\n\t\t\t\t<\/div>\n\t\t<div class=\"elementor-element elementor-element-d46d097 e-con-full e-flex e-con e-child\" data-id=\"d46d097\" data-element_type=\"container\">\n\t\t\t\t<div class=\"elementor-element elementor-element-fa317d9 elementor-widget elementor-widget-image\" data-id=\"fa317d9\" data-element_type=\"widget\" data-widget_type=\"image.default\">\n\t\t\t\t<div class=\"elementor-widget-container\">\n\t\t\t\t\t\t\t\t\t\t\t\t\t\t\t<img alt=\"\" loading=\"lazy\" decoding=\"async\" width=\"768\" height=\"1024\" src=\"https:\/\/enfuncionteatro.com\/wp-content\/uploads\/2024\/12\/Kala-768x1024.jpg\" class=\"attachment-large size-large wp-image-1906\" srcset=\"https:\/\/enfuncionteatro.com\/wp-content\/uploads\/2024\/12\/Kala-768x1024.jpg 768w, https:\/\/enfuncionteatro.com\/wp-content\/uploads\/2024\/12\/Kala-225x300.jpg 225w, https:\/\/enfuncionteatro.com\/wp-content\/uploads\/2024\/12\/Kala-9x12.jpg 9w, https:\/\/enfuncionteatro.com\/wp-content\/uploads\/2024\/12\/Kala.jpg 918w\" sizes=\"(max-width: 768px) 100vw, 768px\" \/>\t\t\t\t\t\t\t\t\t\t\t\t\t\t\t<\/div>\n\t\t\t\t<\/div>\n\t\t\t\t<\/div>\n\t\t\t\t\t<\/div>\n\t\t\t\t<\/div>\n\t\t\t\t<\/div>\n\t\t\t\t\t<\/div>\n\t\t\t\t<\/div>\n\t\t<div class=\"elementor-element elementor-element-c54b9fe e-flex e-con-boxed e-con e-parent\" data-id=\"c54b9fe\" data-element_type=\"container\" data-settings=\"{&quot;background_background&quot;:&quot;classic&quot;}\">\n\t\t\t\t\t<div class=\"e-con-inner\">\n\t\t<div class=\"elementor-element elementor-element-e93f08e e-con-full e-flex e-con e-child\" data-id=\"e93f08e\" data-element_type=\"container\">\n\t\t\t\t<\/div>\n\t\t\t\t\t<\/div>\n\t\t\t\t<\/div>\n\t\t<div class=\"elementor-element elementor-element-f326fc5 e-flex e-con-boxed e-con e-parent\" data-id=\"f326fc5\" data-element_type=\"container\" data-settings=\"{&quot;background_background&quot;:&quot;classic&quot;}\">\n\t\t\t\t\t<div class=\"e-con-inner\">\n\t\t<div class=\"elementor-element elementor-element-017810d e-con-full e-flex e-con e-child\" data-id=\"017810d\" data-element_type=\"container\">\n\t\t\t\t<div class=\"elementor-element elementor-element-a1f158a elementor-widget-divider--view-line elementor-widget elementor-widget-divider\" data-id=\"a1f158a\" data-element_type=\"widget\" data-widget_type=\"divider.default\">\n\t\t\t\t<div class=\"elementor-widget-container\">\n\t\t\t\t\t\t\t<div class=\"elementor-divider\">\n\t\t\t<span class=\"elementor-divider-separator\">\n\t\t\t\t\t\t<\/span>\n\t\t<\/div>\n\t\t\t\t\t\t<\/div>\n\t\t\t\t<\/div>\n\t\t<div class=\"elementor-element elementor-element-1be6a37 e-flex e-con-boxed e-con e-child\" data-id=\"1be6a37\" data-element_type=\"container\">\n\t\t\t\t\t<div class=\"e-con-inner\">\n\t\t<div class=\"elementor-element elementor-element-419673f e-con-full e-flex e-con e-child\" data-id=\"419673f\" data-element_type=\"container\">\n\t\t\t\t<div class=\"elementor-element elementor-element-af0c77e elementor-widget elementor-widget-image\" data-id=\"af0c77e\" data-element_type=\"widget\" data-widget_type=\"image.default\">\n\t\t\t\t<div class=\"elementor-widget-container\">\n\t\t\t\t\t\t\t\t\t\t\t\t\t\t\t<img alt=\"\" loading=\"lazy\" decoding=\"async\" width=\"783\" height=\"1024\" src=\"https:\/\/enfuncionteatro.com\/wp-content\/uploads\/2025\/07\/Andres-rozo-samer-el-tiempo-que-nos-queda-783x1024.jpg\" class=\"attachment-large size-large wp-image-2458\" srcset=\"https:\/\/enfuncionteatro.com\/wp-content\/uploads\/2025\/07\/Andres-rozo-samer-el-tiempo-que-nos-queda-783x1024.jpg 783w, https:\/\/enfuncionteatro.com\/wp-content\/uploads\/2025\/07\/Andres-rozo-samer-el-tiempo-que-nos-queda-230x300.jpg 230w, https:\/\/enfuncionteatro.com\/wp-content\/uploads\/2025\/07\/Andres-rozo-samer-el-tiempo-que-nos-queda-768x1004.jpg 768w, https:\/\/enfuncionteatro.com\/wp-content\/uploads\/2025\/07\/Andres-rozo-samer-el-tiempo-que-nos-queda-9x12.jpg 9w, https:\/\/enfuncionteatro.com\/wp-content\/uploads\/2025\/07\/Andres-rozo-samer-el-tiempo-que-nos-queda.jpg 918w\" sizes=\"(max-width: 783px) 100vw, 783px\" \/>\t\t\t\t\t\t\t\t\t\t\t\t\t\t\t<\/div>\n\t\t\t\t<\/div>\n\t\t\t\t<\/div>\n\t\t<div class=\"elementor-element elementor-element-f9fdbc2 e-con-full e-flex e-con e-child\" data-id=\"f9fdbc2\" data-element_type=\"container\">\n\t\t\t\t<div class=\"elementor-element elementor-element-090df2b elementor-widget elementor-widget-heading\" data-id=\"090df2b\" data-element_type=\"widget\" data-widget_type=\"heading.default\">\n\t\t\t\t<div class=\"elementor-widget-container\">\n\t\t\t\t\t<h2 class=\"elementor-heading-title elementor-size-default\">Andr\u00e9s Rozo Samer<\/h2>\t\t\t\t<\/div>\n\t\t\t\t<\/div>\n\t\t\t\t<div class=\"elementor-element elementor-element-77092f0 elementor-widget elementor-widget-text-editor\" data-id=\"77092f0\" data-element_type=\"widget\" data-widget_type=\"text-editor.default\">\n\t\t\t\t<div class=\"elementor-widget-container\">\n\t\t\t\t\t\t\t\t\t<p>Fot\u00f2graf<\/p>\t\t\t\t\t\t\t\t<\/div>\n\t\t\t\t<\/div>\n\t\t\t\t<div class=\"elementor-element elementor-element-c2e8277 elementor-widget elementor-widget-text-editor\" data-id=\"c2e8277\" data-element_type=\"widget\" data-widget_type=\"text-editor.default\">\n\t\t\t\t<div class=\"elementor-widget-container\">\n\t\t\t\t\t\t\t\t\t<p data-start=\"101\" data-end=\"516\"><strong>Fot\u00f2graf professional amb una traject\u00f2ria de m\u00e9s de 15 anys en fotografia, disseny i doc\u00e8ncia.<\/strong> Nascut a Cali, Col\u00f2mbia, i amb doble nacionalitat colombiana i italiana, ha desenvolupat un estil art\u00edstic que fusiona la imatge i el disseny per crear experi\u00e8ncies visuals \u00faniques. Les seves s\u00e8ries exploren la resignificaci\u00f3 del quotidi\u00e0, convidant a mirar els objectes amb ulls nous i a despertar emocions profundes.<\/p><p data-start=\"518\" data-end=\"929\" data-is-last-node=\"\" data-is-only-node=\"\">Al llarg de la seva carrera, ha estat reconegut internacionalment i ha representat Col\u00f2mbia en esdeveniments com <strong>l\u2019Exposici\u00f3 Mundial de Fotografia a Calcuta i la World Photographic Cup.<\/strong>Compta amb certificacions de prestigi, com el t\u00edtol<strong> de Fot\u00f2graf Professional Europeu i distincions del British Institute of Professional Photography.<\/strong> La seva obra forma part de col\u00b7leccions privades i p\u00fabliques en diversos pa\u00efsos.<\/p>\t\t\t\t\t\t\t\t<\/div>\n\t\t\t\t<\/div>\n\t\t\t\t<\/div>\n\t\t\t\t\t<\/div>\n\t\t\t\t<\/div>\n\t\t\t\t<\/div>\n\t\t\t\t\t<\/div>\n\t\t\t\t<\/div>\n\t\t<div class=\"elementor-element elementor-element-0e2a586 e-flex e-con-boxed e-con e-parent\" data-id=\"0e2a586\" data-element_type=\"container\" data-settings=\"{&quot;background_background&quot;:&quot;classic&quot;}\">\n\t\t\t\t\t<div class=\"e-con-inner\">\n\t\t<div class=\"elementor-element elementor-element-cd17d96 e-con-full e-flex e-con e-child\" data-id=\"cd17d96\" data-element_type=\"container\">\n\t\t<div class=\"elementor-element elementor-element-7b071d7 e-flex e-con-boxed e-con e-child\" data-id=\"7b071d7\" data-element_type=\"container\">\n\t\t\t\t\t<div class=\"e-con-inner\">\n\t\t<div class=\"elementor-element elementor-element-3aff851 e-con-full e-flex e-con e-child\" data-id=\"3aff851\" data-element_type=\"container\">\n\t\t\t\t<div class=\"elementor-element elementor-element-d513092 elementor-widget elementor-widget-heading\" data-id=\"d513092\" data-element_type=\"widget\" data-widget_type=\"heading.default\">\n\t\t\t\t<div class=\"elementor-widget-container\">\n\t\t\t\t\t<h2 class=\"elementor-heading-title elementor-size-default\">Rub\u00e9n Garc\u00eda<\/h2>\t\t\t\t<\/div>\n\t\t\t\t<\/div>\n\t\t\t\t<div class=\"elementor-element elementor-element-32160db elementor-widget elementor-widget-text-editor\" data-id=\"32160db\" data-element_type=\"widget\" data-widget_type=\"text-editor.default\">\n\t\t\t\t<div class=\"elementor-widget-container\">\n\t\t\t\t\t\t\t\t\t<p>Vestuarista<\/p>\t\t\t\t\t\t\t\t<\/div>\n\t\t\t\t<\/div>\n\t\t\t\t<div class=\"elementor-element elementor-element-bd5b0c5 elementor-widget elementor-widget-text-editor\" data-id=\"bd5b0c5\" data-element_type=\"widget\" data-widget_type=\"text-editor.default\">\n\t\t\t\t<div class=\"elementor-widget-container\">\n\t\t\t\t\t\t\t\t\t<p>Graduat en Comunicaci\u00f3 Audiovisual per la Universitat Pompeu Fabra i format com a actor en La Timbala, destaca per la seva versatilitat i visi\u00f3 est\u00e8tica en l'\u00e0mbit de les arts esc\u00e8niques i audiovisuals. La seva especialitzaci\u00f3 en direcci\u00f3 art\u00edstica i escenografia li ha perm\u00e8s desenvolupar projectes que combinen sensibilitat visual i profunditat tem\u00e0tica. Com a creador multidisciplinari, Rub\u00e9n explora en les seves obres conceptes innovadors i est\u00e8tiques \u00faniques que desafien els l\u00edmits entre la tradici\u00f3 i el contemporani.<\/p><p>En la seva \u00faltima creaci\u00f3,\u00a0<em>Les germanes no discuteixen<\/em>, Rub\u00e9n va exercir com a dramaturg, escen\u00f2graf, director esc\u00e8nic i int\u00e8rpret, consolidant el seu estil personal en sales de mig format a Barcelona. El seu treball, profundament influ\u00eft per temes socials, com els propis de la comunitat queer i la reinterpretaci\u00f3 de la cultura ca\u00f1\u00ed, reflecteix una aposta constant per la identitat, la diversitat i el comprom\u00eds art\u00edstic. Com a director de vestuari en\u00a0<em>El temps que ens queda<\/em>, Rub\u00e9n aporta su experiencia est\u00e9tica para dar vida a una narrativa visual impactante y coherente.<\/p>\t\t\t\t\t\t\t\t<\/div>\n\t\t\t\t<\/div>\n\t\t\t\t<\/div>\n\t\t<div class=\"elementor-element elementor-element-5f13a94 e-con-full e-flex e-con e-child\" data-id=\"5f13a94\" data-element_type=\"container\">\n\t\t\t\t<div class=\"elementor-element elementor-element-fd1aecd elementor-widget elementor-widget-image\" data-id=\"fd1aecd\" data-element_type=\"widget\" data-widget_type=\"image.default\">\n\t\t\t\t<div class=\"elementor-widget-container\">\n\t\t\t\t\t\t\t\t\t\t\t\t\t\t\t<img alt=\"\" loading=\"lazy\" decoding=\"async\" width=\"768\" height=\"1024\" src=\"https:\/\/enfuncionteatro.com\/wp-content\/uploads\/2024\/12\/Ruben-Garcia-Fernandez-el-tiempo-que-nos-queda-2-768x1024.jpg\" class=\"attachment-large size-large wp-image-1848\" srcset=\"https:\/\/enfuncionteatro.com\/wp-content\/uploads\/2024\/12\/Ruben-Garcia-Fernandez-el-tiempo-que-nos-queda-2-768x1024.jpg 768w, https:\/\/enfuncionteatro.com\/wp-content\/uploads\/2024\/12\/Ruben-Garcia-Fernandez-el-tiempo-que-nos-queda-2-225x300.jpg 225w, https:\/\/enfuncionteatro.com\/wp-content\/uploads\/2024\/12\/Ruben-Garcia-Fernandez-el-tiempo-que-nos-queda-2-9x12.jpg 9w, https:\/\/enfuncionteatro.com\/wp-content\/uploads\/2024\/12\/Ruben-Garcia-Fernandez-el-tiempo-que-nos-queda-2.jpg 918w\" sizes=\"(max-width: 768px) 100vw, 768px\" \/>\t\t\t\t\t\t\t\t\t\t\t\t\t\t\t<\/div>\n\t\t\t\t<\/div>\n\t\t\t\t<\/div>\n\t\t\t\t\t<\/div>\n\t\t\t\t<\/div>\n\t\t\t\t<\/div>\n\t\t\t\t\t<\/div>\n\t\t\t\t<\/div>\n\t\t<div class=\"elementor-element elementor-element-34db8f6 e-flex e-con-boxed e-con e-parent\" data-id=\"34db8f6\" data-element_type=\"container\" data-settings=\"{&quot;background_background&quot;:&quot;classic&quot;}\">\n\t\t\t\t\t<div class=\"e-con-inner\">\n\t\t<div class=\"elementor-element elementor-element-ab806bd e-con-full e-flex e-con e-child\" data-id=\"ab806bd\" data-element_type=\"container\">\n\t\t\t\t<div class=\"elementor-element elementor-element-11906ac elementor-widget-divider--view-line elementor-widget elementor-widget-divider\" data-id=\"11906ac\" data-element_type=\"widget\" data-widget_type=\"divider.default\">\n\t\t\t\t<div class=\"elementor-widget-container\">\n\t\t\t\t\t\t\t<div class=\"elementor-divider\">\n\t\t\t<span class=\"elementor-divider-separator\">\n\t\t\t\t\t\t<\/span>\n\t\t<\/div>\n\t\t\t\t\t\t<\/div>\n\t\t\t\t<\/div>\n\t\t\t\t<div class=\"elementor-element elementor-element-6c02cf4 elementor-widget elementor-widget-heading\" data-id=\"6c02cf4\" data-element_type=\"widget\" data-widget_type=\"heading.default\">\n\t\t\t\t<div class=\"elementor-widget-container\">\n\t\t\t\t\t<h2 class=\"elementor-heading-title elementor-size-default\">Claudia Marcela Estrada<\/h2>\t\t\t\t<\/div>\n\t\t\t\t<\/div>\n\t\t\t\t<div class=\"elementor-element elementor-element-5c896c4 elementor-widget elementor-widget-text-editor\" data-id=\"5c896c4\" data-element_type=\"widget\" data-widget_type=\"text-editor.default\">\n\t\t\t\t<div class=\"elementor-widget-container\">\n\t\t\t\t\t\t\t\t\t<p>Directora y dramaturga<\/p>\t\t\t\t\t\t\t\t<\/div>\n\t\t\t\t<\/div>\n\t\t\t\t<div class=\"elementor-element elementor-element-4dbaf4f elementor-widget-divider--view-line elementor-widget elementor-widget-divider\" data-id=\"4dbaf4f\" data-element_type=\"widget\" data-widget_type=\"divider.default\">\n\t\t\t\t<div class=\"elementor-widget-container\">\n\t\t\t\t\t\t\t<div class=\"elementor-divider\">\n\t\t\t<span class=\"elementor-divider-separator\">\n\t\t\t\t\t\t<\/span>\n\t\t<\/div>\n\t\t\t\t\t\t<\/div>\n\t\t\t\t<\/div>\n\t\t<div class=\"elementor-element elementor-element-41097aa e-flex e-con-boxed e-con e-child\" data-id=\"41097aa\" data-element_type=\"container\">\n\t\t\t\t\t<div class=\"e-con-inner\">\n\t\t<div class=\"elementor-element elementor-element-433cc69 e-con-full e-flex e-con e-child\" data-id=\"433cc69\" data-element_type=\"container\">\n\t\t\t\t<div class=\"elementor-element elementor-element-51218ca elementor-widget elementor-widget-image\" data-id=\"51218ca\" data-element_type=\"widget\" data-widget_type=\"image.default\">\n\t\t\t\t<div class=\"elementor-widget-container\">\n\t\t\t\t\t\t\t\t\t\t\t\t\t\t\t<img alt=\"\" loading=\"lazy\" decoding=\"async\" width=\"1024\" height=\"630\" src=\"https:\/\/enfuncionteatro.com\/wp-content\/uploads\/2024\/11\/Claudia-Marcela-Estrada-1024x630.png\" class=\"attachment-large size-large wp-image-1285\" srcset=\"https:\/\/enfuncionteatro.com\/wp-content\/uploads\/2024\/11\/Claudia-Marcela-Estrada-1024x630.png 1024w, https:\/\/enfuncionteatro.com\/wp-content\/uploads\/2024\/11\/Claudia-Marcela-Estrada-300x185.png 300w, https:\/\/enfuncionteatro.com\/wp-content\/uploads\/2024\/11\/Claudia-Marcela-Estrada-768x473.png 768w, https:\/\/enfuncionteatro.com\/wp-content\/uploads\/2024\/11\/Claudia-Marcela-Estrada.png 1084w\" sizes=\"(max-width: 1024px) 100vw, 1024px\" \/>\t\t\t\t\t\t\t\t\t\t\t\t\t\t\t<\/div>\n\t\t\t\t<\/div>\n\t\t\t\t<\/div>\n\t\t<div class=\"elementor-element elementor-element-bd9f455 e-con-full e-flex e-con e-child\" data-id=\"bd9f455\" data-element_type=\"container\">\n\t\t\t\t<div class=\"elementor-element elementor-element-a88f428 elementor-widget elementor-widget-text-editor\" data-id=\"a88f428\" data-element_type=\"widget\" data-widget_type=\"text-editor.default\">\n\t\t\t\t<div class=\"elementor-widget-container\">\n\t\t\t\t\t\t\t\t\t<p>Creadora esc\u00e8nica, actriu i escriptora. Va formar part de diverses companyies de dansa contempor\u00e0nia a Col\u00f2mbia. El 2018 va arribar a Barcelona on es va formar com a actriu i creadora esc\u00e8nica a \u2018El timbal, centre de formaci\u00f3 i creaci\u00f3\u2019. Entre el 2020 i el 2024 va formar part de la Companyia de teatre \u2018Mala idea\u2019, amb la qual va fer gira per diversos escenaris de Barcelona i Catalunya. El 2024 es va llan\u00e7ar a l'aventura de crear la seva pr\u00f2pia companyia, donant vida a \u2018En funci\u00f3\u2019, un espai creatiu en qu\u00e8 integra diferents llenguatges i desenvolupa les seves inquietuds art\u00edstiques, entenent que l'art \u00e9s una potent eina de transformaci\u00f3 social per generar entorns m\u00e9s humans i sensibles.\u00a0<\/p>\t\t\t\t\t\t\t\t<\/div>\n\t\t\t\t<\/div>\n\t\t\t\t<\/div>\n\t\t\t\t\t<\/div>\n\t\t\t\t<\/div>\n\t\t\t\t<\/div>\n\t\t\t\t\t<\/div>\n\t\t\t\t<\/div>\n\t\t\t\t<\/div>","protected":false},"excerpt":{"rendered":"<p>LA COMPA\u00d1\u00cdA En funci\u00f3n Hacemos teatro para encontrarnos Somos una compa\u00f1\u00eda de teatro emergente e independiente con sede en Barcelona, formada por artistas de Espa\u00f1a y Latinoam\u00e9rica, con ra\u00edces en Catalu\u00f1a, Mallorca, Colombia y Argentina. Nuestras obras crean territorios sin marcas ni contextos, donde cualquier persona pueda reconocerse m\u00e1s all\u00e1 de su origen. Nacemos desde [&hellip;]<\/p>","protected":false},"author":1,"featured_media":0,"parent":0,"menu_order":0,"comment_status":"closed","ping_status":"closed","template":"","meta":{"_seopress_robots_primary_cat":"","_seopress_titles_title":"","_seopress_titles_desc":"","_seopress_robots_index":"","site-sidebar-layout":"no-sidebar","site-content-layout":"page-builder","ast-site-content-layout":"full-width-container","site-content-style":"unboxed","site-sidebar-style":"unboxed","ast-global-header-display":"","ast-banner-title-visibility":"","ast-main-header-display":"","ast-hfb-above-header-display":"","ast-hfb-below-header-display":"","ast-hfb-mobile-header-display":"","site-post-title":"disabled","ast-breadcrumbs-content":"disabled","ast-featured-img":"disabled","footer-sml-layout":"","theme-transparent-header-meta":"enabled","adv-header-id-meta":"","stick-header-meta":"","header-above-stick-meta":"","header-main-stick-meta":"","header-below-stick-meta":"","astra-migrate-meta-layouts":"set","ast-page-background-enabled":"default","ast-page-background-meta":{"desktop":{"background-color":"var(--ast-global-color-4)","background-image":"","background-repeat":"repeat","background-position":"center center","background-size":"auto","background-attachment":"scroll","background-type":"","background-media":"","overlay-type":"","overlay-color":"","overlay-opacity":"","overlay-gradient":""},"tablet":{"background-color":"","background-image":"","background-repeat":"repeat","background-position":"center center","background-size":"auto","background-attachment":"scroll","background-type":"","background-media":"","overlay-type":"","overlay-color":"","overlay-opacity":"","overlay-gradient":""},"mobile":{"background-color":"","background-image":"","background-repeat":"repeat","background-position":"center center","background-size":"auto","background-attachment":"scroll","background-type":"","background-media":"","overlay-type":"","overlay-color":"","overlay-opacity":"","overlay-gradient":""}},"ast-content-background-meta":{"desktop":{"background-color":"var(--ast-global-color-5)","background-image":"","background-repeat":"repeat","background-position":"center center","background-size":"auto","background-attachment":"scroll","background-type":"","background-media":"","overlay-type":"","overlay-color":"","overlay-opacity":"","overlay-gradient":""},"tablet":{"background-color":"var(--ast-global-color-5)","background-image":"","background-repeat":"repeat","background-position":"center center","background-size":"auto","background-attachment":"scroll","background-type":"","background-media":"","overlay-type":"","overlay-color":"","overlay-opacity":"","overlay-gradient":""},"mobile":{"background-color":"var(--ast-global-color-5)","background-image":"","background-repeat":"repeat","background-position":"center center","background-size":"auto","background-attachment":"scroll","background-type":"","background-media":"","overlay-type":"","overlay-color":"","overlay-opacity":"","overlay-gradient":""}},"footnotes":""},"class_list":["post-239","page","type-page","status-publish","hentry"],"_links":{"self":[{"href":"https:\/\/enfuncionteatro.com\/ca\/wp-json\/wp\/v2\/pages\/239","targetHints":{"allow":["GET"]}}],"collection":[{"href":"https:\/\/enfuncionteatro.com\/ca\/wp-json\/wp\/v2\/pages"}],"about":[{"href":"https:\/\/enfuncionteatro.com\/ca\/wp-json\/wp\/v2\/types\/page"}],"author":[{"embeddable":true,"href":"https:\/\/enfuncionteatro.com\/ca\/wp-json\/wp\/v2\/users\/1"}],"replies":[{"embeddable":true,"href":"https:\/\/enfuncionteatro.com\/ca\/wp-json\/wp\/v2\/comments?post=239"}],"version-history":[{"count":360,"href":"https:\/\/enfuncionteatro.com\/ca\/wp-json\/wp\/v2\/pages\/239\/revisions"}],"predecessor-version":[{"id":3252,"href":"https:\/\/enfuncionteatro.com\/ca\/wp-json\/wp\/v2\/pages\/239\/revisions\/3252"}],"wp:attachment":[{"href":"https:\/\/enfuncionteatro.com\/ca\/wp-json\/wp\/v2\/media?parent=239"}],"curies":[{"name":"wp","href":"https:\/\/api.w.org\/{rel}","templated":true}]}}